{"id":95,"date":"2015-04-09T10:25:04","date_gmt":"2015-04-09T09:25:04","guid":{"rendered":"https:\/\/pageperso.univ-lr.fr\/vincent.courboulay\/?page_id=95"},"modified":"2015-04-13T13:03:54","modified_gmt":"2015-04-13T12:03:54","slug":"images-de-lumieres","status":"publish","type":"page","link":"https:\/\/pageperso.univ-lr.fr\/vincent.courboulay\/?page_id=95","title":{"rendered":"Images de Lumi\u00e8res"},"content":{"rendered":"<p>Ce vendredi 10 Avril de 18h18 \u00e0 03h03 s&rsquo;est d\u00e9roul\u00e9e la Nuit de la Lumi\u00e8re.<\/p>\n<p>Expositions, curiosit\u00e9s scientifiques, installation lumineuse et fantastique le long de la Biblioth\u00e8que universitaire, visites nocturnes, guid\u00e9es et extraordinaires de la M\u00e9diath\u00e8que Michel Cr\u00e9peau, Bal Lumino Electro, cin\u00e9ma, lecture \u00e0 la bougie \u00e9lectrique, performance BD Concert\u2026 <br class=\"manualbr\" \/>Artistes, \u00e9tudiants, enseignants-chercheurs, partenaires culturels se r\u00e9unissent pour une s\u00e9rie d\u2019\u00e9v\u00e9nements surprenants.<\/p>\n<p>La programme est disponible ici :\u00a0<a href=\"https:\/\/pageperso.univ-lr.fr\/vincent.courboulay\/wp-content\/uploads\/2015\/04\/prognll2015-2.pdf\">prognll2015-2<\/a><\/p>\n<p>J&rsquo;ai eu le plaisir et l&rsquo;honneur de faire l&rsquo;inauguration de l\u2019\u00e9v\u00e9nement<\/p>\n<h4 class=\"spip\">18h18\u00a0: LANCEMENT OFFICIEL<\/h4>\n<p>QU\u2019EST-CE QUE LA LUMI\u00c8RE\u00a0? par Vincent Courboulay, Axel Jean-Caurant, chercheurs au L3i et M\u00e9lanie Geffre, \u00e9tudiante en licence Informatique Cursus master ing\u00e9nierie (CMI).<\/p>\n<p>&nbsp;<\/p>\n<p>Je vous propose ci-dessous la pr\u00e9sentation de ma conf\u00e9rence.<\/p>\n<p><a href=\"https:\/\/pageperso.univ-lr.fr\/vincent.courboulay\/wp-content\/uploads\/2015\/04\/01_questcequelalumiere.pdf\">01_questcequelalumiere<\/a>\u00a0(environ5Mo)<\/p>\n<p>&nbsp;<\/p>\n<p>A 22h j&rsquo;ai \u00e9galement propos\u00e9 avec Axel une d\u00e9monstration d&rsquo;une installation \u00ab\u00a0peindre avec la lumi\u00e8re\u00a0\u00bb<\/p>\n<p>Pr\u00e9sentation \u00e0 t\u00e9l\u00e9charger ici :\u00a0<a href=\"https:\/\/pageperso.univ-lr.fr\/vincent.courboulay\/wp-content\/uploads\/2015\/04\/02_imagesdelumiere.pdf\">02_imagesdelumiere<\/a><\/p>\n<p>&nbsp;<\/p>\n<p>&nbsp;<\/p>\n","protected":false},"excerpt":{"rendered":"<p>Ce vendredi 10 Avril de 18h18 \u00e0 03h03 s&rsquo;est d\u00e9roul\u00e9e la Nuit de la Lumi\u00e8re. Expositions, curiosit\u00e9s scientifiques, installation lumineuse et fantastique le long de la Biblioth\u00e8que universitaire, visites nocturnes, guid\u00e9es et extraordinaires de la M\u00e9diath\u00e8que Michel Cr\u00e9peau, Bal Lumino Electro, cin\u00e9ma, lecture \u00e0 la bougie \u00e9lectrique, performance BD Concert\u2026 Artistes, \u00e9tudiants, enseignants-chercheurs, partenaires culturels &hellip; <a href=\"https:\/\/pageperso.univ-lr.fr\/vincent.courboulay\/?page_id=95\" class=\"more-link\">Continuer la lecture de <span class=\"screen-reader-text\">Images de Lumi\u00e8res<\/span> <span class=\"meta-nav\">&rarr;<\/span><\/a><\/p>\n","protected":false},"author":1,"featured_media":0,"parent":91,"menu_order":0,"comment_status":"closed","ping_status":"open","template":"","meta":{"footnotes":""},"_links":{"self":[{"href":"https:\/\/pageperso.univ-lr.fr\/vincent.courboulay\/index.php?rest_route=\/wp\/v2\/pages\/95"}],"collection":[{"href":"https:\/\/pageperso.univ-lr.fr\/vincent.courboulay\/index.php?rest_route=\/wp\/v2\/pages"}],"about":[{"href":"https:\/\/pageperso.univ-lr.fr\/vincent.courboulay\/index.php?rest_route=\/wp\/v2\/types\/page"}],"author":[{"embeddable":true,"href":"https:\/\/pageperso.univ-lr.fr\/vincent.courboulay\/index.php?rest_route=\/wp\/v2\/users\/1"}],"replies":[{"embeddable":true,"href":"https:\/\/pageperso.univ-lr.fr\/vincent.courboulay\/index.php?rest_route=%2Fwp%2Fv2%2Fcomments&post=95"}],"version-history":[{"count":2,"href":"https:\/\/pageperso.univ-lr.fr\/vincent.courboulay\/index.php?rest_route=\/wp\/v2\/pages\/95\/revisions"}],"predecessor-version":[{"id":122,"href":"https:\/\/pageperso.univ-lr.fr\/vincent.courboulay\/index.php?rest_route=\/wp\/v2\/pages\/95\/revisions\/122"}],"up":[{"embeddable":true,"href":"https:\/\/pageperso.univ-lr.fr\/vincent.courboulay\/index.php?rest_route=\/wp\/v2\/pages\/91"}],"wp:attachment":[{"href":"https:\/\/pageperso.univ-lr.fr\/vincent.courboulay\/index.php?rest_route=%2Fwp%2Fv2%2Fmedia&parent=95"}],"curies":[{"name":"wp","href":"https:\/\/api.w.org\/{rel}","templated":true}]}}